{"id":1924,"date":"2022-02-21T08:34:54","date_gmt":"2022-02-21T08:34:54","guid":{"rendered":"https:\/\/www.forummobil.ch\/privacy-policy\/"},"modified":"2022-03-17T12:31:47","modified_gmt":"2022-03-17T12:31:47","slug":"protezione-dei-dati","status":"publish","type":"page","link":"https:\/\/www.forummobil.ch\/it\/protezione-dei-dati\/","title":{"rendered":"Protezione dei dati"},"content":{"rendered":"<div class=\"wpb-content-wrapper\"><p>[vc_row][vc_column css=&#8221;.vc_custom_1647440811971{padding-top: 40px !important;}&#8221;][vc_column_text]<\/p>\n<h1 class=\" heading-plugin heading-plugin--normal heading-plugin--color-dark text-left \">Protezione dei dati<\/h1>\n<section class=\"heading-plugin\">\n<h4 id=\"politica-sulla-privacy\" class=\" heading-plugin heading-plugin--normal heading-plugin--color-dark text-left \">Politica sulla privacy<\/h4>\n<\/section>\n<p>La protezione della vostra sfera privata ci sta a cuore.\u00a0I principi della protezione dei dati si basano sulla legge svizzera sulla protezione dei dati (LPD) e sul regolamento europeo sulla protezione dei dati (GDPR).<\/p>\n<p>Il gestore del sito web raccoglie, utilizza e trasmette i suoi dati personali solo se ci\u00f2 \u00e8 consentito dalla legge o se lei acconsente alla raccolta dei dati.<\/p>\n<p>I dati personali sono tutte le informazioni che servono a determinare la sua persona e che possono essere ricondotte a lei &#8211; ad esempio il suo nome, indirizzo e-mail e numero di telefono.<\/p>\n<p>In linea di principio \u00e8 possibile utilizzare il sito web senza dover indicare dati personali.<\/p>\n<section class=\"heading-plugin\">\n<h3 id=\"server-log-file\" class=\" heading-plugin heading-plugin--normal heading-plugin--color-dark text-left \">Server Log file<\/h3>\n<\/section>\n<p>Raccogliamo le informazioni tecniche (dati di accesso) necessarie per la corretta messa a disposizione del sito web, come l&#8217;indirizzo IP, il browser utilizzato, il sistema operativo utilizzato, la data e l&#8217;ora dell&#8217;accesso, la pagina scaricata, i dati del browser. Allo scopo di garantire il funzionamento efficiente del server web e di rilevare casi di abuso, i dati di accesso vengono memorizzati in Log file senza riferimento personale.<\/p>\n<h3>Google Analytics<\/h3>\n<p>Questo sito web utilizza Google Analytics, un servizio di analisi web della Google (Google LLC, 1600 Amphitheatre Parkway, Mountain View, CA 94043, USA), che impiega dei Cookies per analizzare il vostro uso del nostro sito web.<\/p>\n<p>Le informazioni generate in merito dai Cookies vengono trasmesse ad un sito web di Google negli USA, che le memorizza. Noi utilizziamo Google Analytics con l\u2019estensione \u201c_anonymizeIp()\u201d, cos\u00ec l\u2019indirizzo IP trasmesso a Google viene col\u00e0 elaborato solo in forma abbreviata, onde evitare di poter risalire direttamente alla persona (IP-Masking). Google utilizzer\u00e0 queste informazioni per analizzare la vostra navigazione, stendere rapporti per il nostro sito web e offrire ulteriori servizi legati all\u2018utilizzo del sito e di internet. Inoltre Google potrebbe eventualmente trasmettere queste informazioni a terzi se prescritto dalla legge o se sono dei terzi che le elaborano per conto di Google stessa. In nessun caso Google assocer\u00e0 il vostro indirizzo IP ad altri suoi dati.<\/p>\n<p>Tramite un\u2018apposita impostazione del software del vostro Browser potete inibire l\u2019installazione per Google Analytics; sappiate per\u00f2 che in questo caso pu\u00f2 capitare di non poter utilizzare tutte le funzioni del nostro sito web. Un Browser-Plugin Google (https:\/\/tools.google.com\/dlpage\/gaoptout?hl=de) consente di inibire in ogni momento \u2013 con efficacia futura \u2013 il rilevamento e la memorizzazione dei dati. Attenzione: la procedura di inibizione va ripetuta se rimuovete i Cookies nel Browser o accedete al nostro sito con un altro Browser. Per ulteriori informazioni su Google Analytics vedi: http:\/\/www.google.com\/intl\/de\/analytics\/learn\/privacy.html.<\/p>\n<h3>Google Tag Manager<\/h3>\n<p>\u00c8 un altro prodotto di Google, che ci permette di amministrare tags del sito tramite una superficie. Il Tag Manager \u00e8 un dominio senza Cookies, non rileva dati personali e attiva altri tags, che a loro volta eventualmente rilevano dati, cui per\u00f2 Google Tag Manager non ha accesso. Se sono stati disattivati dei domini o dei Cookies, la disattivazione rimarr\u00e0 valida per tutti i tracking tags implementati con Google Tag Manager. Se non desiderate ricevere pubblicit\u00e0 mirata potete disattivare l\u2019utilizzo dei Cookies da parte di Google a questo scopo, richiamando la pagina https:\/\/www.google.com\/settings\/ads\/plugin.<\/p>\n<h3>Contatto<\/h3>\n<p>Se ci contatta utilizzando le opzioni di contatto offerte, i suoi dati saranno memorizzati in modo da poterli utilizzare per elaborare e rispondere alla sua richiesta. Questi dati non saranno trasmessi a terzi senza il suo consenso.<\/p>\n<section class=\"heading-plugin\">\n<h3 id=\"cookie\" class=\" heading-plugin heading-plugin--normal heading-plugin--color-dark text-left \">Cookie<\/h3>\n<\/section>\n<p>Sul nostro sito Web utilizziamo i cookie necessari per consentirle di utilizzare determinate funzioni (ad es. selezione della lingua). I cookie sono file di testo che vengono scaricati sul suo computer o dispositivo mobile.<\/p>\n<p>Regolando le impostazioni del suo browser web, pu\u00f2 impedire che i cookie vengano memorizzati sul suo dispositivo. Inoltre, \u00e8 possibile cancellare i cookie gi\u00e0 memorizzati in qualsiasi momento. Si prega di notare per\u00f2, che alcune funzioni del sito web potrebbero essere limitate o non essere disponibili se si disattiva la memorizzazione dei cookie.<\/p>\n<section class=\"heading-plugin\">\n<h3 id=\"servizi-esterni\" class=\" heading-plugin heading-plugin--normal heading-plugin--color-dark text-left \">Servizi esterni<\/h3>\n<\/section>\n<p>Utilizziamo i seguenti servizi esterni per fornire in modo efficiente questo sito web:<\/p>\n<h5>Google Font<\/h5>\n<p>Per la presentazione uniforme di questo sito web in tutti i browser, integriamo i caratteri tramite Google Font. A tal fine, i dati necessari per un funzionamento efficiente vengono inviati a Google. Le informazioni possono essere trovate <a href=\"https:\/\/developers.google.com\/fonts\/faq\/#what_does_using_the_google_fonts_api_mean_for_the_privacy_of_my_users\" target=\"_blank\" rel=\"noopener\">qui<\/a>. Ha la possibilit\u00e0 di disattivare il caricamento di caratteri esterni nel suo browser.<\/p>\n<h5>YouTube<\/h5>\n<p>I video incorporati su questo sito web sono forniti tramite Youtube. Attraverso l&#8217;uso, i dati vengono inviati a Google. Si applicano la <a href=\"https:\/\/policies.google.com\/privacy\" target=\"_blank\" rel=\"noopener\">politica sulla privacy<\/a> e i\u00a0<a href=\"https:\/\/policies.google.com\/terms\" target=\"_blank\" rel=\"noopener\">termini di utilizzo <\/a> di Google.<\/p>\n<section class=\"heading-plugin\">\n<h3 id=\"diritti-dellutente\" class=\" heading-plugin heading-plugin--normal heading-plugin--color-dark text-left \">Diritti dell\u2019utente<\/h3>\n<\/section>\n<p>Ha il diritto di ricevere gratuitamente, su richiesta, informazioni su quali dati personali siano stati memorizzati. Ha inoltre il diritto di far correggere i dati non corretti e di far elaborare o cancellare i suoi dati personali. Se sospetta che i suoi dati siano stati trattati in modo illecito, pu\u00f2 inoltrare un reclamo all&#8217;autorit\u00e0 di controllo competente.<\/p>\n<p>Se desidera correggere, bloccare, cancellare o ottenere informazioni sui dati personali che la riguardano, o se ha domande sulla raccolta, l&#8217;elaborazione o l&#8217;utilizzo dei suoi dati personali, o se desidera revocare i consensi concessi, contatti il seguente indirizzo e-mail: info@forummobil.ch<\/p>\n<h3>Condizioni di utilizzo<\/h3>\n<h5>Natura non vincolante<\/h5>\n<p>Sebbene ci sforziamo sempre di fornire informazioni corrette e aggiornate sul sito web, non viene data alcuna garanzia per quanto riguarda il contenuto. Tutte le informazioni contenute nel sito web sono senza impegno. Le informazioni pubblicate possono essere modificate o la pubblicazione pu\u00f2 essere temporaneamente o definitivamente interrotta in qualsiasi momento e senza preavviso. Non ci assumiamo alcuna responsabilit\u00e0 (n\u00e9 espressamente n\u00e9 tacitamente) dell\u2019esattezza, dell\u2019integralit\u00e0 e dell\u2019attualit\u00e0 delle informazioni messe a disposizione sul sito web. Non siamo obbligati a rimuovere dal sito web le informazioni che non sono pi\u00f9 attuali o a segnalarle espressamente come tali. Possiamo modificare o cancellare i testi a nostra discrezione e senza preavviso e non siamo obbligati ad aggiornare i contenuti. L\u2019utilizzo del sito web \u00e8 a rischio e pericolo del visitatore. L\u2019editore, i suoi clienti o i suoi partner non sono responsabili per danni, quali danni diretti, indiretti, accidentali, predeterminati o consequenziali, che si presume siano causati dalla visita del nostro sito web e pertanto non si assumono alcuna responsabilit\u00e0.<\/p>\n<section class=\"heading-plugin\">\n<h5 id=\"copyright\" class=\" heading-plugin heading-plugin--normal heading-plugin--color-dark text-left \">Copyright<\/h5>\n<\/section>\n<p>Se non diversamente indicato, tutti i contenuti di questo sito web sono una propriet\u00e0 intellettuale del proprietario. Non \u00e8 consentito l&#8217;utilizzo senza previo consenso.<\/p>\n<h3>Link esterni<\/h3>\n<p>La presente dichiarazione sulla protezione dei dati \u00e8 valida solo per il nostro sito web, che per\u00f2 pu\u00f2 contenere link di siti esterni, cui tale dichiarazione per l\u2019appunto non si applica. Quando uscite dal nostro sito attraverso un link si consiglia di leggere sempre attentamente le informazioni sulla protezione dei dati di ogni sito web.<\/p>\n<h3>Variazione delle nostre disposizioni sulla protezione dei dati<\/h3>\n<p>Ci riserviamo di adeguare occasionalmente la presente dichiarazione di protezione dei dati, affinch\u00e9 corrisponda sempre ai requisiti di legge in vigore o per modificare le nostre prestazioni nella dichiarazione di protezione dei dati, p.es. introducendo nuovi servizi. Quando tornerete a navigare sul nostro sito varr\u00e0 allora la nuova dichiarazione.<\/p>\n<p>Materiale fotografico: Unsplash, Pexels[\/vc_column_text][\/vc_column][\/vc_row]<\/p>\n<\/div>","protected":false},"excerpt":{"rendered":"<p>[vc_row][vc_column css=&#8221;.vc_custom_1647440811971{padding-top: 40px !important;}&#8221;][vc_column_text] Protezione dei dati Politica sulla privacy La protezione della vostra sfera privata ci sta a cuore.\u00a0I principi della protezione dei dati si basano sulla legge svizzera sulla protezione dei dati (LPD) e sul regolamento europeo sulla protezione dei dati (GDPR). Il gestore del sito web raccoglie, utilizza e trasmette i suoi&hellip;<\/p>\n","protected":false},"author":5,"featured_media":0,"parent":0,"menu_order":0,"comment_status":"closed","ping_status":"open","template":"","meta":{"_acf_changed":false,"inline_featured_image":false,"footnotes":""},"class_list":["post-1924","page","type-page","status-publish","hentry"],"acf":[],"yoast_head":"<!-- This site is optimized with the Yoast SEO plugin v27.5 - https:\/\/yoast.com\/product\/yoast-seo-wordpress\/ -->\n<title>Protezione dei dati - Forum Mobil<\/title>\n<meta name=\"robots\" content=\"index, follow, max-snippet:-1, max-image-preview:large, max-video-preview:-1\" \/>\n<link rel=\"canonical\" href=\"https:\/\/www.forummobil.ch\/it\/protezione-dei-dati\/\" \/>\n<meta property=\"og:locale\" content=\"it_IT\" \/>\n<meta property=\"og:type\" content=\"article\" \/>\n<meta property=\"og:title\" content=\"Protezione dei dati - Forum Mobil\" \/>\n<meta property=\"og:description\" content=\"[vc_row][vc_column css=&#8221;.vc_custom_1647440811971{padding-top: 40px !important;}&#8221;][vc_column_text] Protezione dei dati Politica sulla privacy La protezione della vostra sfera privata ci sta a cuore.\u00a0I principi della protezione dei dati si basano sulla legge svizzera sulla protezione dei dati (LPD) e sul regolamento europeo sulla protezione dei dati (GDPR). Il gestore del sito web raccoglie, utilizza e trasmette i suoi&hellip;\" \/>\n<meta property=\"og:url\" content=\"https:\/\/www.forummobil.ch\/it\/protezione-dei-dati\/\" \/>\n<meta property=\"og:site_name\" content=\"Forum Mobil\" \/>\n<meta property=\"article:modified_time\" content=\"2022-03-17T12:31:47+00:00\" \/>\n<meta name=\"twitter:card\" content=\"summary_large_image\" \/>\n<meta name=\"twitter:label1\" content=\"Tempo di lettura stimato\" \/>\n\t<meta name=\"twitter:data1\" content=\"5 minuti\" \/>\n<script type=\"application\/ld+json\" class=\"yoast-schema-graph\">{\"@context\":\"https:\\\/\\\/schema.org\",\"@graph\":[{\"@type\":\"WebPage\",\"@id\":\"https:\\\/\\\/www.forummobil.ch\\\/it\\\/protezione-dei-dati\\\/\",\"url\":\"https:\\\/\\\/www.forummobil.ch\\\/it\\\/protezione-dei-dati\\\/\",\"name\":\"Protezione dei dati - Forum Mobil\",\"isPartOf\":{\"@id\":\"https:\\\/\\\/www.forummobil.ch\\\/it\\\/#website\"},\"datePublished\":\"2022-02-21T08:34:54+00:00\",\"dateModified\":\"2022-03-17T12:31:47+00:00\",\"breadcrumb\":{\"@id\":\"https:\\\/\\\/www.forummobil.ch\\\/it\\\/protezione-dei-dati\\\/#breadcrumb\"},\"inLanguage\":\"it-IT\",\"potentialAction\":[{\"@type\":\"ReadAction\",\"target\":[\"https:\\\/\\\/www.forummobil.ch\\\/it\\\/protezione-dei-dati\\\/\"]}]},{\"@type\":\"BreadcrumbList\",\"@id\":\"https:\\\/\\\/www.forummobil.ch\\\/it\\\/protezione-dei-dati\\\/#breadcrumb\",\"itemListElement\":[{\"@type\":\"ListItem\",\"position\":1,\"name\":\"Home\",\"item\":\"https:\\\/\\\/www.forummobil.ch\\\/it\\\/\"},{\"@type\":\"ListItem\",\"position\":2,\"name\":\"Protezione dei dati\"}]},{\"@type\":\"WebSite\",\"@id\":\"https:\\\/\\\/www.forummobil.ch\\\/it\\\/#website\",\"url\":\"https:\\\/\\\/www.forummobil.ch\\\/it\\\/\",\"name\":\"Forum Mobil\",\"description\":\"Willkommen\",\"potentialAction\":[{\"@type\":\"SearchAction\",\"target\":{\"@type\":\"EntryPoint\",\"urlTemplate\":\"https:\\\/\\\/www.forummobil.ch\\\/it\\\/?s={search_term_string}\"},\"query-input\":{\"@type\":\"PropertyValueSpecification\",\"valueRequired\":true,\"valueName\":\"search_term_string\"}}],\"inLanguage\":\"it-IT\"}]}<\/script>\n<!-- \/ Yoast SEO plugin. -->","yoast_head_json":{"title":"Protezione dei dati - Forum Mobil","robots":{"index":"index","follow":"follow","max-snippet":"max-snippet:-1","max-image-preview":"max-image-preview:large","max-video-preview":"max-video-preview:-1"},"canonical":"https:\/\/www.forummobil.ch\/it\/protezione-dei-dati\/","og_locale":"it_IT","og_type":"article","og_title":"Protezione dei dati - Forum Mobil","og_description":"[vc_row][vc_column css=&#8221;.vc_custom_1647440811971{padding-top: 40px !important;}&#8221;][vc_column_text] Protezione dei dati Politica sulla privacy La protezione della vostra sfera privata ci sta a cuore.\u00a0I principi della protezione dei dati si basano sulla legge svizzera sulla protezione dei dati (LPD) e sul regolamento europeo sulla protezione dei dati (GDPR). Il gestore del sito web raccoglie, utilizza e trasmette i suoi&hellip;","og_url":"https:\/\/www.forummobil.ch\/it\/protezione-dei-dati\/","og_site_name":"Forum Mobil","article_modified_time":"2022-03-17T12:31:47+00:00","twitter_card":"summary_large_image","twitter_misc":{"Tempo di lettura stimato":"5 minuti"},"schema":{"@context":"https:\/\/schema.org","@graph":[{"@type":"WebPage","@id":"https:\/\/www.forummobil.ch\/it\/protezione-dei-dati\/","url":"https:\/\/www.forummobil.ch\/it\/protezione-dei-dati\/","name":"Protezione dei dati - Forum Mobil","isPartOf":{"@id":"https:\/\/www.forummobil.ch\/it\/#website"},"datePublished":"2022-02-21T08:34:54+00:00","dateModified":"2022-03-17T12:31:47+00:00","breadcrumb":{"@id":"https:\/\/www.forummobil.ch\/it\/protezione-dei-dati\/#breadcrumb"},"inLanguage":"it-IT","potentialAction":[{"@type":"ReadAction","target":["https:\/\/www.forummobil.ch\/it\/protezione-dei-dati\/"]}]},{"@type":"BreadcrumbList","@id":"https:\/\/www.forummobil.ch\/it\/protezione-dei-dati\/#breadcrumb","itemListElement":[{"@type":"ListItem","position":1,"name":"Home","item":"https:\/\/www.forummobil.ch\/it\/"},{"@type":"ListItem","position":2,"name":"Protezione dei dati"}]},{"@type":"WebSite","@id":"https:\/\/www.forummobil.ch\/it\/#website","url":"https:\/\/www.forummobil.ch\/it\/","name":"Forum Mobil","description":"Willkommen","potentialAction":[{"@type":"SearchAction","target":{"@type":"EntryPoint","urlTemplate":"https:\/\/www.forummobil.ch\/it\/?s={search_term_string}"},"query-input":{"@type":"PropertyValueSpecification","valueRequired":true,"valueName":"search_term_string"}}],"inLanguage":"it-IT"}]}},"_links":{"self":[{"href":"https:\/\/www.forummobil.ch\/it\/wp-json\/wp\/v2\/pages\/1924","targetHints":{"allow":["GET"]}}],"collection":[{"href":"https:\/\/www.forummobil.ch\/it\/wp-json\/wp\/v2\/pages"}],"about":[{"href":"https:\/\/www.forummobil.ch\/it\/wp-json\/wp\/v2\/types\/page"}],"author":[{"embeddable":true,"href":"https:\/\/www.forummobil.ch\/it\/wp-json\/wp\/v2\/users\/5"}],"replies":[{"embeddable":true,"href":"https:\/\/www.forummobil.ch\/it\/wp-json\/wp\/v2\/comments?post=1924"}],"version-history":[{"count":4,"href":"https:\/\/www.forummobil.ch\/it\/wp-json\/wp\/v2\/pages\/1924\/revisions"}],"predecessor-version":[{"id":1984,"href":"https:\/\/www.forummobil.ch\/it\/wp-json\/wp\/v2\/pages\/1924\/revisions\/1984"}],"wp:attachment":[{"href":"https:\/\/www.forummobil.ch\/it\/wp-json\/wp\/v2\/media?parent=1924"}],"curies":[{"name":"wp","href":"https:\/\/api.w.org\/{rel}","templated":true}]}}