{"id":1917,"date":"2022-02-21T09:16:06","date_gmt":"2022-02-21T09:16:06","guid":{"rendered":"https:\/\/www.forummobil.ch\/mobilfunk-faq\/"},"modified":"2022-04-20T14:38:54","modified_gmt":"2022-04-20T14:38:54","slug":"faq","status":"publish","type":"page","link":"https:\/\/www.forummobil.ch\/fr\/faq\/","title":{"rendered":"FAQ"},"content":{"rendered":"<div class=\"wpb-content-wrapper\"><p>[vc_row css=\u00a0\u00bb.vc_custom_1646297793373{margin-top: 30px !important;margin-bottom: 30px !important;}\u00a0\u00bb][vc_column css=\u00a0\u00bb.vc_custom_1647436010620{padding-top: 60px !important;}\u00a0\u00bb][lab_heading title_tag=\u00a0\u00bbH1&Prime; title=\u00a0\u00bbFAQ\u00a0\u00bb][\/lab_heading][vc_custom_heading text=\u00a0\u00bbQuestions fr\u00e9quentes sur la t\u00e9l\u00e9phonie mobile\u00a0\u00bb font_container=\u00a0\u00bbtag:h3|text_align:left\u00a0\u00bb use_theme_fonts=\u00a0\u00bbyes\u00a0\u00bb][vc_tta_accordion c_icon=\u00a0\u00bbchevron\u00a0\u00bb active_section=\u00a0\u00bb9999&Prime; collapsible_all=\u00a0\u00bbtrue\u00a0\u00bb][vc_tta_section title=\u00a0\u00bbComment fonctionne la technologie derri\u00e8re la t\u00e9l\u00e9phonie mobile ?\u00a0\u00bb tab_id=\u00a0\u00bb1646298067982-8d4207be-50dd\u00a0\u00bb][vc_column_text]Le terminal, par exemple un smartphone, \u00e9tablit une connexion radio avec la station de base de t\u00e9l\u00e9phonie mobile la plus proche. Celle-ci transmet les signaux \u00e0 la centrale des op\u00e9rateurs de t\u00e9l\u00e9phonie mobile. De l\u00e0, les communications sont transf\u00e9r\u00e9es soit vers le r\u00e9seau fixe, soit vers une autre station de base de t\u00e9l\u00e9phonie mobile, et enfin vers un autre terminal.<\/p>\n<p>Le r\u00e9seau de t\u00e9l\u00e9phonie mobile est un r\u00e9seau au sens litt\u00e9ral du terme. Il est divis\u00e9 g\u00e9ographiquement en de nombreuses cellules radio qui sont non seulement contigu\u00ebs, mais qui doivent \u00e9galement se chevaucher quelque peu pour des raisons de fonctionnement. Chaque cellule radio dispose d\u2019une station de base, qui est \u00e0 la fois une installation d\u2019\u00e9mission et de r\u00e9ception. Celle-ci peut relier un certain nombre de terminaux et transmettre un certain volume de donn\u00e9es au sein de sa cellule radio. La taille des cellules radio (r\u00e9seau maill\u00e9) varie en fonction de l\u2019intensit\u00e9 de l\u2019utilisation et des fr\u00e9quences de t\u00e9l\u00e9phonie mobile utilis\u00e9es. Dans les zones dens\u00e9ment peupl\u00e9es, il y a par exemple davantage d\u2019antennes avec des cellules radio plus petites, qui ne s\u2019\u00e9tendent parfois que sur une centaine de m\u00e8tres. Dans les zones rurales, les cellules radio peuvent en revanche s\u2019\u00e9tendre sur plusieurs kilom\u00e8tres. Le volume de donn\u00e9es transf\u00e9r\u00e9es est en forte augmentation. Pour que le r\u00e9seau puisse faire face \u00e0 ce volume, de nouvelles stations de base de t\u00e9l\u00e9phonie mobile sont construites, et de nouvelles technologies de t\u00e9l\u00e9phonie mobiles sont d\u00e9velopp\u00e9es et mise en \u0153uvre.[\/vc_column_text][\/vc_tta_section][vc_tta_section title=\u00a0\u00bbQu\u2019est-ce que le rayonnement \u00e9lectromagn\u00e9tique ?\u00a0\u00bb tab_id=\u00a0\u00bb1646298067987-e14ffaa6-e153&Prime;][vc_column_text]Dans notre vie quotidienne, nous sommes constamment et en tout lieu entour\u00e9s de champs \u00e9lectriques ou magn\u00e9tiques. Ceux-ci apparaissent toujours l\u00e0 o\u00f9 il y a des courants ou des tensions \u00e9lectriques, qu\u2019ils soient g\u00e9n\u00e9r\u00e9s par des moyens techniques (technologies radio, appareils m\u00e9nagers) ou par des processus naturels (lumi\u00e8re du soleil, orages).<\/p>\n<p>Lorsque l\u2019on parle de rayonnement dans le cadre de la t\u00e9l\u00e9phonie mobile, il s\u2019agit en fait de champs \u00e9lectromagn\u00e9tiques qui sont \u00e9mis par les antennes de t\u00e9l\u00e9phonie mobile et les t\u00e9l\u00e9phones portables.<\/p>\n<p>La distinction entre les champs \u00e9lectromagn\u00e9tiques s\u2019op\u00e8re par leur longueur d\u2019onde ou leur fr\u00e9quence. Dans le spectre \u00e9lectromagn\u00e9tique, les longueurs d\u2019onde peuvent \u00eatre divis\u00e9es en champs \u00e0 haute fr\u00e9quence et champs \u00e0 basse fr\u00e9quence. Les champs \u00e9lectromagn\u00e9tiques \u00e0 haute fr\u00e9quence sont par exemple utilis\u00e9s pour la radio, la t\u00e9l\u00e9vision ou la t\u00e9l\u00e9phonie mobile. Les champs \u00e9lectriques et magn\u00e9tiques \u00e0 basse fr\u00e9quence sont principalement g\u00e9n\u00e9r\u00e9s lors de la production, de la transmission et de l\u2019utilisation du courant \u00e9lectrique.[\/vc_column_text][\/vc_tta_section][vc_tta_section title=\u00a0\u00bbQu\u2019est-ce que le rayonnement non ionisant ?\u00a0\u00bb tab_id=\u00a0\u00bb1646298163857-a2fad9de-8304&Prime;][vc_column_text]Le rayonnement \u00e9lectromagn\u00e9tique peut \u00eatre divis\u00e9 en deux cat\u00e9gories : le rayonnement ionisant et le rayonnement non ionisant (RNI). Le rayonnement non ionisant commence dans une gamme de fr\u00e9quences allant de quelques hertz (1\u00a0hertz (Hz) correspond \u00e0 1 oscillation par seconde), comme le courant \u00e9lectrique, et s\u2019\u00e9tend jusqu\u2019\u00e0 la lumi\u00e8re visible, dont la fr\u00e9quence peut atteindre 789\u00a0THz. Contrairement au rayonnement ionisant, l\u2019\u00e9nergie des RNI est trop faible pour provoquer une modification chimique de la mati\u00e8re, c\u2019est-\u00e0-dire pour ioniser les atomes. La lumi\u00e8re UV, les rayons X et les rayons radioactifs figurent par exemple parmi les rayonnements ionisants.[\/vc_column_text][\/vc_tta_section][vc_tta_section title=\u00a0\u00bbEst-il vrai que l\u2019augmentation du nombre d\u2019antennes-relais entra\u00eene une augmentation de l\u2019exposition aux rayonnements ?\u00a0\u00bb tab_id=\u00a0\u00bb1646298203816-96953383-b627&Prime;][vc_column_text]G\u00e9n\u00e9ralement non, car en principe : un plus grand nombre d\u2019antennes de t\u00e9l\u00e9phonie mobile permet d\u2019am\u00e9liorer la couverture r\u00e9seau et donc la r\u00e9ception. Plus la connexion radio est bonne, plus le rayonnement n\u00e9cessaire est faible. En cas de mauvaise r\u00e9ception, le smartphone doit fournir plus de puissance d\u2019\u00e9mission et \u00e9met donc un rayonnement plus puissant.<\/p>\n<p>Par ailleurs, il faut savoir que 90% des rayonnements de t\u00e9l\u00e9phonie mobile auxquels nous sommes expos\u00e9s proviennent de nos propres appareils, comme le WLAN, le t\u00e9l\u00e9phone, le smartphone, le babyphone ou la tablette.<\/p>\n<p>La t\u00e9l\u00e9phonie mobile utilise des champs \u00e9lectromagn\u00e9tiques comme support pour transmettre des donn\u00e9es. Sans rayonnement pas de communications, d\u2019Internet mobile, d\u2019applications ni de SMS. La t\u00e9l\u00e9phonie mobile sans rayonnement est donc impossible. Afin de prot\u00e9ger la population d\u2019un rayonnement excessif et des \u00e9ventuelles cons\u00e9quences n\u00e9gatives de ces immissions, le Conseil f\u00e9d\u00e9ral a \u00e9dict\u00e9 l\u2019ordonnance sur la protection contre le rayonnement non ionisant <a href=\"http:\/\/www.admin.ch\/ch\/d\/sr\/8\/814.710.de.pdf\" target=\"_blank\" rel=\"noopener\">(ORNI)<\/a>. Les valeurs limites qui y sont impos\u00e9es et appliqu\u00e9es au niveau international prot\u00e8gent suffisamment contre les effets sur la sant\u00e9 g\u00e9n\u00e9ralement reconnus par la communaut\u00e9 scientifique du rayonnement non ionisant. D\u2019autres mesures pr\u00e9ventives, telles que les valeurs limites de l\u2019installation, ont \u00e9t\u00e9 \u00e9dict\u00e9es \u00e0 cet effet dans l\u2019ORNI. Celles-ci sont bien plus strictes que les valeurs limites internationales et s\u2019appliquent partout o\u00f9 des personnes s\u00e9journent longtemps.[\/vc_column_text][\/vc_tta_section][\/vc_tta_accordion][vc_custom_heading text=\u00a0\u00bbQuestions fr\u00e9quentes sur la 5G\u00a0\u00bb font_container=\u00a0\u00bbtag:h3|text_align:left\u00a0\u00bb use_theme_fonts=\u00a0\u00bbyes\u00a0\u00bb][vc_tta_accordion c_icon=\u00a0\u00bbchevron\u00a0\u00bb active_section=\u00a0\u00bb999999&Prime; collapsible_all=\u00a0\u00bbtrue\u00a0\u00bb][vc_tta_section title=\u00a0\u00bbQue signifie 5G ?\u00a0\u00bb tab_id=\u00a0\u00bb1646298416996-c14da57d-072b\u00a0\u00bb][vc_column_text]5G (ou New Radio) d\u00e9signe la norme de t\u00e9l\u00e9phonie mobile de cinqui\u00e8me g\u00e9n\u00e9ration qui a \u00e9t\u00e9 lanc\u00e9e en 2019 en Suisse. Il s\u2019agit ici d\u2019une \u00e9volution de l\u2019ancienne technologie mobile 4G, \u00e9galement connue sous le nom de LTE (Long Term Evolution). Les exigences en mati\u00e8re de normes de t\u00e9l\u00e9phonie mobile sont coordonn\u00e9es et d\u00e9finies au niveau international par l\u2019Union internationale des t\u00e9l\u00e9communications (UIT), une organisation de l\u2019ONU dont le si\u00e8ge se situe \u00e0 Gen\u00e8ve. \u00a0Les normes de t\u00e9l\u00e9phonie mobile sont d\u00e9velopp\u00e9es depuis 1998 par le 3GPP (3rd Generation Partnership Project), une association de sept organismes de normalisation, qui a \u00e9galement d\u00e9fini les sp\u00e9cifications techniques de la 5G.[\/vc_column_text][\/vc_tta_section][vc_tta_section title=\u00a0\u00bbComment fonctionne la 5G ?\u00a0\u00bb tab_id=\u00a0\u00bb1646298417005-fed77ab4-7218&Prime;][vc_column_text]La 5G utilise les m\u00eames bandes de fr\u00e9quences, d\u00e9j\u00e0 \u00e9prouv\u00e9es, que les technologies pr\u00e9c\u00e9dentes. Gr\u00e2ce \u00e0 la nouvelle technologie, les ondes \u00e9lectromagn\u00e9tiques peuvent \u00eatre utilis\u00e9es plus efficacement. Par exemple, <a href=\"https:\/\/www.forummobil.ch\/fr\/faq\/#1647426075754-e74d00c4-d796\">les antennes adaptatives<\/a> sont utilis\u00e9es pour la premi\u00e8re fois \u00e0 grande \u00e9chelle avec la 5G.[\/vc_column_text][\/vc_tta_section][vc_tta_section title=\u00a0\u00bbQuelles sont les fr\u00e9quences utilis\u00e9es par la 5G ?\u00a0\u00bb tab_id=\u00a0\u00bb1646298485830-69d17d1c-a847&Prime;][vc_column_text]La 5G peut utiliser les m\u00eames bandes de fr\u00e9quences que les technologies pr\u00e9c\u00e9dentes. Ces bandes de fr\u00e9quences se situent entre 800\u00a0MHz et 2,6\u00a0GHz. D\u2019une part, la 5G \u00e9met sur des fr\u00e9quences qui ne sont plus utilis\u00e9es par la 2G, la 3G ou la 4G. D\u2019autre part, la commission f\u00e9d\u00e9rale de la communication <a href=\"https:\/\/www.comcom.admin.ch\/comcom\/fr\/page-daccueil.html\" target=\"_blank\" rel=\"noopener\">(ComCom)<\/a> a attribu\u00e9 en 2019 aux op\u00e9rateurs de t\u00e9l\u00e9phonie mobile de nouvelles bandes de fr\u00e9quences dans les plages de 700\u00a0MHz, 1,4 et 3,5\u00a0GHz. \u00c0 titre de comparaison, le Bluetooth \u00e9met dans des bandes de fr\u00e9quences de 2,4\u00a0GHz, et le WLAN utilise les bandes de fr\u00e9quences de 2,4\u00a0GHz et 5,0 \u00e0 5,8\u00a0GHz. \u00c0 l\u2019avenir, le WLAN devrait \u00e9galement utiliser les bandes de fr\u00e9quences de 6\u00a0GHz.<\/p>\n<p>Plus d&rsquo;informations : <a href=\"https:\/\/www.forummobil.ch\/fr\/5g-la-nouvelle-norme-de-la-telephonie-expliquee\/\">5G : la nouvelle norme de la t\u00e9l\u00e9phonie mobile expliqu\u00e9e simplement<\/a>[\/vc_column_text][\/vc_tta_section][vc_tta_section title=\u00a0\u00bbPourquoi introduire la 5G en Suisse ?\u00a0\u00bb tab_id=\u00a0\u00bb1646298510404-464fe31d-1415&Prime;][vc_column_text]Parce que les consommatrices et consommateurs veulent transmettre un nombre croissant de donn\u00e9es, et ce de plus en plus vite. Cela inclut notamment l\u2019utilisation d\u2019applications sur smartphone ou le streaming musical. Dans l\u2019ensemble, nous consommons et g\u00e9n\u00e9rons actuellement environ 200\u00a0fois plus de donn\u00e9es mobiles qu\u2019il y a 10\u00a0ans. La norme de t\u00e9l\u00e9phonie mobile 4G actuelle n\u2019est plus en mesure de r\u00e9pondre \u00e0 cette demande. C\u2019est pourquoi il est indispensable d\u2019\u00e9tendre le r\u00e9seau de t\u00e9l\u00e9phonie mobile avec la 5G.[\/vc_column_text][\/vc_tta_section][vc_tta_section title=\u00a0\u00bbLa 5G existe-t-elle d\u00e9j\u00e0 en Suisse ?\u00a0\u00bb tab_id=\u00a0\u00bb1646298545034-573985f9-eccb\u00a0\u00bb][vc_column_text]Oui, la 5G y est en service depuis 2019. Aujourd\u2019hui, ce sont plus de 3\u00a0millions de consommatrices et consommateurs qui b\u00e9n\u00e9ficient des avantages de la 5G.[\/vc_column_text][\/vc_tta_section][vc_tta_section title=\u00a0\u00bbQuelle est la diff\u00e9rence entre la 4G et la 5G ?\u00a0\u00bb tab_id=\u00a0\u00bb1647425998004-3c4c0534-d529&Prime;][vc_column_text]La 5G est une \u00e9volution de l\u2019ancienne norme 4G. La nouvelle technologie 5G apporte les changements suivants :<\/p>\n<ul>\n<li><strong>Taux de transfert des donn\u00e9es :<\/strong> La vitesse de transmission des donn\u00e9es est jusqu\u2019\u00e0 100\u00a0fois plus \u00e9lev\u00e9e avec la 5G qu\u2019avec la 4G. Le taux th\u00e9orique de transfert de donn\u00e9es le plus \u00e9lev\u00e9 possible est de 10\u00a0Gbit\/s.<\/li>\n<li><strong>Capacit\u00e9<\/strong> <strong>:<\/strong> La 5G permet d\u2019augmenter consid\u00e9rablement la capacit\u00e9 de transmission de donn\u00e9es. Cela permet de r\u00e9pondre \u00e0 la demande croissante en termes de volumes de donn\u00e9es.<\/li>\n<li><strong>Latence<\/strong> <strong>:<\/strong> Le nouveau temps de r\u00e9action permet une transmission en temps r\u00e9el. Il est 30 \u00e0 50 fois plus court que celui de la 4G.<\/li>\n<li><strong>Densit\u00e9<\/strong> <strong>:<\/strong> La 5G permet de mettre en r\u00e9seau jusqu\u2019\u00e0 100\u00a0fois plus d\u2019appareils. Cela correspond \u00e0 un million d\u2019appareils par km<sup>2<\/sup>.<\/li>\n<li><strong>Gestion du r\u00e9seau<\/strong> <strong>:<\/strong> La 5G utilise les ressources du r\u00e9seau de mani\u00e8re plus efficace.<\/li>\n<li><strong>Consommation d&rsquo;\u00e9nergie :<\/strong> Par rapport \u00e0 la 4G, la 5G a besoin de moins d\u2019\u00e9nergie pour fournir une certaine quantit\u00e9 de donn\u00e9es.<\/li>\n<\/ul>\n<p>[\/vc_column_text][\/vc_tta_section][vc_tta_section title=\u00a0\u00bbQu\u2019est-ce qu\u2019une antenne adaptative ?\u00a0\u00bb tab_id=\u00a0\u00bb1647426075754-e74d00c4-d796&Prime;][vc_column_text]Les antennes adaptatives peuvent adapter plusieurs fois leur puissance de rayonnement, et de l\u2019\u00e9mettre de mani\u00e8re cibl\u00e9e. Les signaux radio peuvent \u00eatre \u00e9mis de mani\u00e8re s\u00e9lective vers un terminal. Ceci est possible gr\u00e2ce au fait qu\u2019une antenne de t\u00e9l\u00e9phonie mobile se compose de nombreuses petites antennes d\u2019\u00e9mission et de r\u00e9ception individuelles. Comme celles-ci peuvent \u00eatre command\u00e9es individuellement, il est possible d\u2019\u00e9mettre la puissance de rayonnement de mani\u00e8re plus cibl\u00e9e. Une \u00e9mission plus cibl\u00e9e entra\u00eene une exposition moyenne, car la puissance \u00e9mise de mani\u00e8re non cibl\u00e9e dans l\u2019environnement est elle aussi diminu\u00e9e. La r\u00e9ception n\u00e9cessite par ailleurs une puissance de connexion plus faible et donc une puissance de r\u00e9ception plus faible elle aussi. Par ailleurs, la qualit\u00e9 du signal augmente au niveau de l\u2019appareil de r\u00e9ception, car moins d\u2019interf\u00e9rences\/de perturbations d\u2019autres transmissions y parviennent. La qualit\u00e9 pour les utilisatrices et utilisateurs s\u2019en trouve sensiblement am\u00e9lior\u00e9e.[\/vc_column_text][\/vc_tta_section][\/vc_tta_accordion][vc_custom_heading text=\u00a0\u00bbQuestions fr\u00e9quentes sur la t\u00e9l\u00e9phonie mobile et la sant\u00e9\u00a0\u00bb font_container=\u00a0\u00bbtag:h3|text_align:left\u00a0\u00bb use_theme_fonts=\u00a0\u00bbyes\u00a0\u00bb][vc_tta_accordion shape=\u00a0\u00bbsquare\u00a0\u00bb spacing=\u00a0\u00bb5&Prime; gap=\u00a0\u00bb5&Prime; c_icon=\u00a0\u00bbchevron\u00a0\u00bb active_section=\u00a0\u00bb99999&Prime; collapsible_all=\u00a0\u00bbtrue\u00a0\u00bb][vc_tta_section title=\u00a0\u00bbQu\u2019est-ce qu\u2019une valeur limite ?\u00a0\u00bb tab_id=\u00a0\u00bb1646297457310-6b8277fa-3f68&Prime;][vc_column_text]Afin de prot\u00e9ger des \u00e9ventuels dangers ou d\u2019autres troubles pour la sant\u00e9 dus aux champs \u00e9lectromagn\u00e9tiques, le Conseil f\u00e9d\u00e9ral a pris des dispositions prenant la forme de valeurs limites. Ces <a href=\"https:\/\/www.forummobil.ch\/fr\/valeurs-limites-telephonie-mobile-et-5g-suisse\/\">valeurs limites d\u2019immission (VLI)<\/a> doivent toujours \u00eatre respect\u00e9es lors de l\u2019exploitation d\u2019une installation technique (antenne de t\u00e9l\u00e9phonie mobile par ex.). La Suisse dispose m\u00eame de deux valeurs limites pour les installations de t\u00e9l\u00e9phonie mobile : d\u2019une part, il s\u2019agit des valeurs limites d\u2019immissions habituelles au niveau international. Celles-ci d\u00e9pendent de la fr\u00e9quence radio et se situent, pour la t\u00e9l\u00e9phonie mobile, entre 36 V\/m et 61 V\/m (volts par m\u00e8tre) pour tous les lieux accessibles au public. Ces valeurs limites d\u2019immissions prot\u00e8gent contre tous les risques connus et prouv\u00e9s scientifiquement. Le Conseil f\u00e9d\u00e9ral a en outre \u00e9dict\u00e9 d\u2019autres mesures pr\u00e9ventives. Il s\u2019agit notamment de la valeur limite de l\u2019installation de 4 V\/m \u00e0 6 V\/m pour les lieux o\u00f9 les personnes s\u00e9journent longtemps. Associ\u00e9 \u00e0 des dispositions d\u2019application strictes, ce r\u00e9gime de valeurs limites, par ses obligations environnementales, est le plus s\u00e9v\u00e8re au monde en mati\u00e8re de t\u00e9l\u00e9phonie mobile. Les valeurs limites pour les rayonnements non ionisants ne s\u2019appliquent qu\u2019aux installations fixes. Pour les appareils mobiles comme les t\u00e9l\u00e9phones portables, les ordinateurs, les points d\u2019acc\u00e8s WLAN ou d\u2019autres appareils \u00e9lectriques, seules les valeurs limites internationales s\u2019appliquent.[\/vc_column_text][\/vc_tta_section][vc_tta_section title=\u00a0\u00bbQui fixe les valeurs limites ?\u00a0\u00bb tab_id=\u00a0\u00bb1646297502339-b6ac0aad-9475&Prime;][vc_column_text]En Suisse, les valeurs limites pour les champs \u00e9lectromagn\u00e9tiques des installations fixes sont \u00e9tablies par ordonnance du Conseil f\u00e9d\u00e9ral. L\u2019Office f\u00e9d\u00e9ral de l\u2019environnement est responsable de ce processus et fonde ses d\u00e9cisions sur les recommandations de diff\u00e9rents comit\u00e9s scientifiques ind\u00e9pendants au niveau national et international. Les valeurs limites sont fix\u00e9es dans l\u2019ordonnance sur la protection contre le rayonnement non ionisant (ORNI).[\/vc_column_text][\/vc_tta_section][vc_tta_section title=\u00a0\u00bbLa 5G a-t-elle besoin de nouvelles valeurs limites ?\u00a0\u00bb tab_id=\u00a0\u00bb1646297529108-b8dcfac7-c6be\u00a0\u00bb][vc_column_text]Les valeurs limites d\u00e9pendent uniquement de la fr\u00e9quence du rayonnement radio et non de la technologie radio. Les radiofr\u00e9quences de la 5G ne sont pas nouvelles, elles sont utilis\u00e9es depuis de nombreuses ann\u00e9es pour les applications radio les plus diverses. La t\u00e9l\u00e9vision num\u00e9rique, le WLAN ou la 4G fonctionnent notamment sur les m\u00eames radiofr\u00e9quences ou sur des fr\u00e9quences tr\u00e8s proches. Les valeurs limites actuelles pour la protection contre les rayonnements non ionisants sont donc \u00e9galement valables pour la 5G.[\/vc_column_text][\/vc_tta_section][vc_tta_section title=\u00a0\u00bbLa t\u00e9l\u00e9phonie mobile peut-elle avoir une influence sur l\u2019\u00e9tat g\u00e9n\u00e9ral ?\u00a0\u00bb tab_id=\u00a0\u00bb1646297563254-febe2fc6-4a22&Prime;][vc_column_text]Il existe un large consensus scientifique sur le fait que les sympt\u00f4mes li\u00e9s \u00e0 la sant\u00e9 tels que les troubles du sommeil, la nervosit\u00e9 ou le mal-\u00eatre g\u00e9n\u00e9ral ne sont d\u00e9clench\u00e9s ni par les champs \u00e9lectromagn\u00e9tiques d\u2019un t\u00e9l\u00e9phone portable ni par ceux d\u2019une antenne proche.[\/vc_column_text][\/vc_tta_section][vc_tta_section title=\u00a0\u00bbLa t\u00e9l\u00e9phonie mobile peut-elle provoquer des cancers ?\u00a0\u00bb tab_id=\u00a0\u00bb1646297616138-146d0593-5ac4&Prime;][vc_column_text]Les \u00e9tudes et les travaux les plus r\u00e9cents mettent ici fin \u00e0 l\u2019alerte. Aucun lien ne peut par exemple \u00eatre \u00e9tabli entre l\u2019utilisation intensive du t\u00e9l\u00e9phone portable et l\u2019apparition accrue de tumeurs c\u00e9r\u00e9brales.[\/vc_column_text][\/vc_tta_section][\/vc_tta_accordion][\/vc_column][\/vc_row]<\/p>\n<\/div>","protected":false},"excerpt":{"rendered":"<p>[vc_row css=\u00a0\u00bb.vc_custom_1646297793373{margin-top: 30px !important;margin-bottom: 30px !important;}\u00a0\u00bb][vc_column css=\u00a0\u00bb.vc_custom_1647436010620{padding-top: 60px !important;}\u00a0\u00bb][lab_heading title_tag=\u00a0\u00bbH1&Prime; title=\u00a0\u00bbFAQ\u00a0\u00bb][\/lab_heading][vc_custom_heading text=\u00a0\u00bbQuestions fr\u00e9quentes sur la t\u00e9l\u00e9phonie mobile\u00a0\u00bb font_container=\u00a0\u00bbtag:h3|text_align:left\u00a0\u00bb use_theme_fonts=\u00a0\u00bbyes\u00a0\u00bb][vc_tta_accordion c_icon=\u00a0\u00bbchevron\u00a0\u00bb active_section=\u00a0\u00bb9999&Prime; collapsible_all=\u00a0\u00bbtrue\u00a0\u00bb][vc_tta_section title=\u00a0\u00bbComment fonctionne la technologie derri\u00e8re la t\u00e9l\u00e9phonie mobile ?\u00a0\u00bb tab_id=\u00a0\u00bb1646298067982-8d4207be-50dd\u00a0\u00bb][vc_column_text]Le terminal, par exemple un smartphone, \u00e9tablit une connexion radio avec la station de base de t\u00e9l\u00e9phonie mobile la plus proche. Celle-ci transmet les&hellip;<\/p>\n","protected":false},"author":5,"featured_media":0,"parent":0,"menu_order":0,"comment_status":"closed","ping_status":"closed","template":"","meta":{"_acf_changed":false,"inline_featured_image":false,"footnotes":""},"class_list":["post-1917","page","type-page","status-publish","hentry"],"acf":[],"yoast_head":"<!-- This site is optimized with the Yoast SEO plugin v27.4 - https:\/\/yoast.com\/product\/yoast-seo-wordpress\/ -->\n<title>Les grandes questions sur la t\u00e9l\u00e9phonie mobile et la 5G | Forum Mobil<\/title>\n<meta name=\"description\" content=\"Forum Mobil est la plateforme d\u2019information sur la t\u00e9l\u00e9phonie mobile en Suisse. Elle offre des informations en mati\u00e8re de technologie, d\u2019environnement et de sant\u00e9.\" \/>\n<meta name=\"robots\" content=\"index, follow, max-snippet:-1, max-image-preview:large, max-video-preview:-1\" \/>\n<link rel=\"canonical\" href=\"https:\/\/www.forummobil.ch\/fr\/faq\/\" \/>\n<meta property=\"og:locale\" content=\"fr_FR\" \/>\n<meta property=\"og:type\" content=\"article\" \/>\n<meta property=\"og:title\" content=\"Les grandes questions sur la t\u00e9l\u00e9phonie mobile et la 5G | Forum Mobil\" \/>\n<meta property=\"og:description\" content=\"Forum Mobil est la plateforme d\u2019information sur la t\u00e9l\u00e9phonie mobile en Suisse. Elle offre des informations en mati\u00e8re de technologie, d\u2019environnement et de sant\u00e9.\" \/>\n<meta property=\"og:url\" content=\"https:\/\/www.forummobil.ch\/fr\/faq\/\" \/>\n<meta property=\"og:site_name\" content=\"Forum Mobil\" \/>\n<meta property=\"article:modified_time\" content=\"2022-04-20T14:38:54+00:00\" \/>\n<meta name=\"twitter:card\" content=\"summary_large_image\" \/>\n<meta name=\"twitter:label1\" content=\"Dur\u00e9e de lecture estim\u00e9e\" \/>\n\t<meta name=\"twitter:data1\" content=\"12 minutes\" \/>\n<script type=\"application\/ld+json\" class=\"yoast-schema-graph\">{\"@context\":\"https:\\\/\\\/schema.org\",\"@graph\":[{\"@type\":\"WebPage\",\"@id\":\"https:\\\/\\\/www.forummobil.ch\\\/fr\\\/faq\\\/\",\"url\":\"https:\\\/\\\/www.forummobil.ch\\\/fr\\\/faq\\\/\",\"name\":\"Les grandes questions sur la t\u00e9l\u00e9phonie mobile et la 5G | Forum Mobil\",\"isPartOf\":{\"@id\":\"https:\\\/\\\/www.forummobil.ch\\\/fr\\\/#website\"},\"datePublished\":\"2022-02-21T09:16:06+00:00\",\"dateModified\":\"2022-04-20T14:38:54+00:00\",\"description\":\"Forum Mobil est la plateforme d\u2019information sur la t\u00e9l\u00e9phonie mobile en Suisse. Elle offre des informations en mati\u00e8re de technologie, d\u2019environnement et de sant\u00e9.\",\"breadcrumb\":{\"@id\":\"https:\\\/\\\/www.forummobil.ch\\\/fr\\\/faq\\\/#breadcrumb\"},\"inLanguage\":\"fr-FR\",\"potentialAction\":[{\"@type\":\"ReadAction\",\"target\":[\"https:\\\/\\\/www.forummobil.ch\\\/fr\\\/faq\\\/\"]}]},{\"@type\":\"BreadcrumbList\",\"@id\":\"https:\\\/\\\/www.forummobil.ch\\\/fr\\\/faq\\\/#breadcrumb\",\"itemListElement\":[{\"@type\":\"ListItem\",\"position\":1,\"name\":\"Home\",\"item\":\"https:\\\/\\\/www.forummobil.ch\\\/fr\\\/\"},{\"@type\":\"ListItem\",\"position\":2,\"name\":\"FAQ\"}]},{\"@type\":\"WebSite\",\"@id\":\"https:\\\/\\\/www.forummobil.ch\\\/fr\\\/#website\",\"url\":\"https:\\\/\\\/www.forummobil.ch\\\/fr\\\/\",\"name\":\"Forum Mobil\",\"description\":\"Willkommen\",\"potentialAction\":[{\"@type\":\"SearchAction\",\"target\":{\"@type\":\"EntryPoint\",\"urlTemplate\":\"https:\\\/\\\/www.forummobil.ch\\\/fr\\\/?s={search_term_string}\"},\"query-input\":{\"@type\":\"PropertyValueSpecification\",\"valueRequired\":true,\"valueName\":\"search_term_string\"}}],\"inLanguage\":\"fr-FR\"}]}<\/script>\n<!-- \/ Yoast SEO plugin. -->","yoast_head_json":{"title":"Les grandes questions sur la t\u00e9l\u00e9phonie mobile et la 5G | Forum Mobil","description":"Forum Mobil est la plateforme d\u2019information sur la t\u00e9l\u00e9phonie mobile en Suisse. Elle offre des informations en mati\u00e8re de technologie, d\u2019environnement et de sant\u00e9.","robots":{"index":"index","follow":"follow","max-snippet":"max-snippet:-1","max-image-preview":"max-image-preview:large","max-video-preview":"max-video-preview:-1"},"canonical":"https:\/\/www.forummobil.ch\/fr\/faq\/","og_locale":"fr_FR","og_type":"article","og_title":"Les grandes questions sur la t\u00e9l\u00e9phonie mobile et la 5G | Forum Mobil","og_description":"Forum Mobil est la plateforme d\u2019information sur la t\u00e9l\u00e9phonie mobile en Suisse. Elle offre des informations en mati\u00e8re de technologie, d\u2019environnement et de sant\u00e9.","og_url":"https:\/\/www.forummobil.ch\/fr\/faq\/","og_site_name":"Forum Mobil","article_modified_time":"2022-04-20T14:38:54+00:00","twitter_card":"summary_large_image","twitter_misc":{"Dur\u00e9e de lecture estim\u00e9e":"12 minutes"},"schema":{"@context":"https:\/\/schema.org","@graph":[{"@type":"WebPage","@id":"https:\/\/www.forummobil.ch\/fr\/faq\/","url":"https:\/\/www.forummobil.ch\/fr\/faq\/","name":"Les grandes questions sur la t\u00e9l\u00e9phonie mobile et la 5G | Forum Mobil","isPartOf":{"@id":"https:\/\/www.forummobil.ch\/fr\/#website"},"datePublished":"2022-02-21T09:16:06+00:00","dateModified":"2022-04-20T14:38:54+00:00","description":"Forum Mobil est la plateforme d\u2019information sur la t\u00e9l\u00e9phonie mobile en Suisse. Elle offre des informations en mati\u00e8re de technologie, d\u2019environnement et de sant\u00e9.","breadcrumb":{"@id":"https:\/\/www.forummobil.ch\/fr\/faq\/#breadcrumb"},"inLanguage":"fr-FR","potentialAction":[{"@type":"ReadAction","target":["https:\/\/www.forummobil.ch\/fr\/faq\/"]}]},{"@type":"BreadcrumbList","@id":"https:\/\/www.forummobil.ch\/fr\/faq\/#breadcrumb","itemListElement":[{"@type":"ListItem","position":1,"name":"Home","item":"https:\/\/www.forummobil.ch\/fr\/"},{"@type":"ListItem","position":2,"name":"FAQ"}]},{"@type":"WebSite","@id":"https:\/\/www.forummobil.ch\/fr\/#website","url":"https:\/\/www.forummobil.ch\/fr\/","name":"Forum Mobil","description":"Willkommen","potentialAction":[{"@type":"SearchAction","target":{"@type":"EntryPoint","urlTemplate":"https:\/\/www.forummobil.ch\/fr\/?s={search_term_string}"},"query-input":{"@type":"PropertyValueSpecification","valueRequired":true,"valueName":"search_term_string"}}],"inLanguage":"fr-FR"}]}},"_links":{"self":[{"href":"https:\/\/www.forummobil.ch\/fr\/wp-json\/wp\/v2\/pages\/1917","targetHints":{"allow":["GET"]}}],"collection":[{"href":"https:\/\/www.forummobil.ch\/fr\/wp-json\/wp\/v2\/pages"}],"about":[{"href":"https:\/\/www.forummobil.ch\/fr\/wp-json\/wp\/v2\/types\/page"}],"author":[{"embeddable":true,"href":"https:\/\/www.forummobil.ch\/fr\/wp-json\/wp\/v2\/users\/5"}],"replies":[{"embeddable":true,"href":"https:\/\/www.forummobil.ch\/fr\/wp-json\/wp\/v2\/comments?post=1917"}],"version-history":[{"count":11,"href":"https:\/\/www.forummobil.ch\/fr\/wp-json\/wp\/v2\/pages\/1917\/revisions"}],"predecessor-version":[{"id":2149,"href":"https:\/\/www.forummobil.ch\/fr\/wp-json\/wp\/v2\/pages\/1917\/revisions\/2149"}],"wp:attachment":[{"href":"https:\/\/www.forummobil.ch\/fr\/wp-json\/wp\/v2\/media?parent=1917"}],"curies":[{"name":"wp","href":"https:\/\/api.w.org\/{rel}","templated":true}]}}